{"id":390339,"date":"2014-06-09T17:54:35","date_gmt":"2014-06-09T15:54:35","guid":{"rendered":"http:\/\/www.mvettingen.ch\/?page_id=390339"},"modified":"2014-06-09T17:54:35","modified_gmt":"2014-06-09T15:54:35","slug":"mve-jahresberichte-2000-2009","status":"publish","type":"page","link":"https:\/\/www.mvettingen.ch\/?page_id=390339","title":{"rendered":"MVE Jahresberichte 2000 &#8211; 2009"},"content":{"rendered":"<h3><strong>Jahresbericht des Pr\u00e4sidenten 2009<br \/>\n<strong>Pr\u00e4sident: Heinz Ruchti<\/strong><br \/>\n<\/strong><\/h3>\n<p><iframe loading=\"lazy\" src=\"http:\/\/e.issuu.com\/embed.html#8552851\/3457209\" width=\"600\" height=\"400\" frameborder=\"0\" allowfullscreen=\"allowfullscreen\"><\/iframe><\/p>\n<h3><strong>Jahresbericht des Pr\u00e4sidenten 2008<br \/>\n<strong><strong>Pr\u00e4sident: Heinz Ruchti<\/strong><\/strong><br \/>\n<\/strong><\/h3>\n<p><iframe loading=\"lazy\" src=\"http:\/\/e.issuu.com\/embed.html#8552851\/8185069\" width=\"600\" height=\"400\" frameborder=\"0\" allowfullscreen=\"allowfullscreen\"><\/iframe><\/p>\n<h3><strong>Jahresbericht des Pr\u00e4sidenten 2007<br \/>\n<strong><strong>Pr\u00e4sident: Heinz Ruchti<\/strong><\/strong><br \/>\n<\/strong><\/h3>\n<p><iframe loading=\"lazy\" src=\"http:\/\/e.issuu.com\/embed.html#8552851\/8185029\" width=\"600\" height=\"400\" frameborder=\"0\" allowfullscreen=\"allowfullscreen\"><\/iframe><\/p>\n<h3><strong>Jahresbericht des Pr\u00e4sidenten 2006<br \/>\n<strong><strong>Pr\u00e4sident: Heinz Ruchti<\/strong><\/strong><br \/>\n<\/strong><\/h3>\n<p><iframe loading=\"lazy\" src=\"http:\/\/e.issuu.com\/embed.html#8552851\/8185077\" width=\"600\" height=\"400\" frameborder=\"0\" allowfullscreen=\"allowfullscreen\"><\/iframe><\/p>\n<h3><strong>Jahresbericht des Pr\u00e4sidenten 2005<br \/>\n<strong><strong>Pr\u00e4sident: Heinz Ruchti<\/strong><\/strong><br \/>\n<\/strong><\/h3>\n<p><iframe loading=\"lazy\" src=\"http:\/\/e.issuu.com\/embed.html#8552851\/8185081\" width=\"600\" height=\"400\" frameborder=\"0\" allowfullscreen=\"allowfullscreen\"><\/iframe><\/p>\n<h3><strong>Jahresbericht des Pr\u00e4sidenten 2004<br \/>\n<strong><strong>Pr\u00e4sident: Heinz Ruchti<\/strong><\/strong><br \/>\n<\/strong><\/h3>\n<p><iframe loading=\"lazy\" src=\"http:\/\/e.issuu.com\/embed.html#8552851\/8186593\" width=\"600\" height=\"400\" frameborder=\"0\" allowfullscreen=\"allowfullscreen\"><\/iframe><\/p>\n<h3><strong>Jahresbericht des Pr\u00e4sidenten 2003<br \/>\n<strong><strong>Pr\u00e4sident: Heinz Ruchti<\/strong><\/strong><br \/>\n<\/strong><\/h3>\n<p><iframe loading=\"lazy\" src=\"http:\/\/e.issuu.com\/embed.html#8552851\/8186608\" width=\"600\" height=\"400\" frameborder=\"0\" allowfullscreen=\"allowfullscreen\"><\/iframe><\/p>\n<h3><strong>Jahresbericht des Pr\u00e4sidenten 2002<br \/>\n<strong><strong>Pr\u00e4sident: Heinz Ruchti<\/strong><\/strong><br \/>\n<\/strong><\/h3>\n<p><iframe loading=\"lazy\" src=\"http:\/\/e.issuu.com\/embed.html#8552851\/8186618\" width=\"600\" height=\"400\" frameborder=\"0\" allowfullscreen=\"allowfullscreen\"><\/iframe><\/p>\n<h3><strong>Jahresbericht des Pr\u00e4sidenten 2001<br \/>\n<strong><strong>Pr\u00e4sident: Thomas Schneider<\/strong><\/strong><br \/>\n<\/strong><\/h3>\n<p><iframe loading=\"lazy\" src=\"http:\/\/e.issuu.com\/embed.html#8552851\/8190758\" width=\"600\" height=\"400\" frameborder=\"0\" allowfullscreen=\"allowfullscreen\"><\/iframe><\/p>\n<h3><strong>Jahresbericht des Pr\u00e4sidenten 2000<br \/>\n<strong><strong><strong>Pr\u00e4sident: Thomas Schneider<\/strong><\/strong><\/strong><br \/>\n<\/strong><\/h3>\n<p><iframe loading=\"lazy\" src=\"http:\/\/e.issuu.com\/embed.html#8552851\/8190801\" width=\"600\" height=\"400\" frameborder=\"0\" allowfullscreen=\"allowfullscreen\"><\/iframe><\/p>\n<p>&nbsp;<\/p>\n","protected":false},"excerpt":{"rendered":"<p>Jahresbericht des Pr\u00e4sidenten 2009 Pr\u00e4sident: Heinz Ruchti Jahresbericht des Pr\u00e4sidenten 2008 Pr\u00e4sident: Heinz Ruchti Jahresbericht des Pr\u00e4sidenten 2007 Pr\u00e4sident: Heinz Ruchti Jahresbericht des Pr\u00e4sidenten 2006 Pr\u00e4sident: Heinz Ruchti Jahresbericht des Pr\u00e4sidenten 2005 Pr\u00e4sident: Heinz Ruchti Jahresbericht des Pr\u00e4sidenten 2004 Pr\u00e4sident: Heinz Ruchti Jahresbericht des Pr\u00e4sidenten 2003 Pr\u00e4sident: Heinz Ruchti Jahresbericht des Pr\u00e4sidenten 2002 Pr\u00e4sident: Heinz [&hellip;]<\/p>\n","protected":false},"author":1,"featured_media":0,"parent":0,"menu_order":0,"comment_status":"closed","ping_status":"open","template":"template-full-width.php","meta":{"footnotes":""},"class_list":["post-390339","page","type-page","status-publish","hentry"],"_links":{"self":[{"href":"https:\/\/www.mvettingen.ch\/index.php?rest_route=\/wp\/v2\/pages\/390339","targetHints":{"allow":["GET"]}}],"collection":[{"href":"https:\/\/www.mvettingen.ch\/index.php?rest_route=\/wp\/v2\/pages"}],"about":[{"href":"https:\/\/www.mvettingen.ch\/index.php?rest_route=\/wp\/v2\/types\/page"}],"author":[{"embeddable":true,"href":"https:\/\/www.mvettingen.ch\/index.php?rest_route=\/wp\/v2\/users\/1"}],"replies":[{"embeddable":true,"href":"https:\/\/www.mvettingen.ch\/index.php?rest_route=%2Fwp%2Fv2%2Fcomments&post=390339"}],"version-history":[{"count":0,"href":"https:\/\/www.mvettingen.ch\/index.php?rest_route=\/wp\/v2\/pages\/390339\/revisions"}],"wp:attachment":[{"href":"https:\/\/www.mvettingen.ch\/index.php?rest_route=%2Fwp%2Fv2%2Fmedia&parent=390339"}],"curies":[{"name":"wp","href":"https:\/\/api.w.org\/{rel}","templated":true}]}}