{"id":390575,"date":"2014-06-29T18:49:37","date_gmt":"2014-06-29T16:49:37","guid":{"rendered":"http:\/\/www.mvettingen.ch\/?page_id=390575"},"modified":"2014-06-29T18:49:37","modified_gmt":"2014-06-29T16:49:37","slug":"mve-jahresberichte-1980-1989","status":"publish","type":"page","link":"https:\/\/www.mvettingen.ch\/?page_id=390575","title":{"rendered":"MVE Jahresberichte 1980 &#8211; 1989"},"content":{"rendered":"<h3><strong>Jahresbericht des Pr\u00e4sidenten 1989<br \/>\n<strong><strong><strong>Pr\u00e4sident: Hugo Kraft<\/strong><\/strong><\/strong><br \/>\n<\/strong><\/h3>\n<p><iframe loading=\"lazy\" src=\"http:\/\/e.issuu.com\/embed.html#8552851\/8436466\" width=\"600\" height=\"400\" frameborder=\"0\" allowfullscreen=\"allowfullscreen\"><\/iframe><\/p>\n<h3><strong>Jahresbericht des Pr\u00e4sidenten 1988<br \/>\n<strong><strong><strong>Pr\u00e4sident: Hugo Kraft<\/strong><\/strong><\/strong><br \/>\n<\/strong><\/h3>\n<p><iframe loading=\"lazy\" src=\"http:\/\/e.issuu.com\/embed.html#8552851\/8436469\" width=\"600\" height=\"400\" frameborder=\"0\" allowfullscreen=\"allowfullscreen\"><\/iframe><\/p>\n<h3><strong>Jahresbericht des Pr\u00e4sidenten 1987<br \/>\n<strong><strong><strong>Pr\u00e4sident: Hugo Kraft<\/strong><\/strong><\/strong><br \/>\n<\/strong><\/h3>\n<p><iframe loading=\"lazy\" src=\"http:\/\/e.issuu.com\/embed.html#8552851\/8436472\" width=\"600\" height=\"400\" frameborder=\"0\" allowfullscreen=\"allowfullscreen\"><\/iframe><\/p>\n<h3><strong>Jahresbericht des Pr\u00e4sidenten 1986<br \/>\n<strong><strong><strong>Pr\u00e4sident: Hugo Kraft<\/strong><\/strong><\/strong><br \/>\n<\/strong><\/h3>\n<p><iframe loading=\"lazy\" src=\"http:\/\/e.issuu.com\/embed.html#8552851\/8436476\" width=\"600\" height=\"400\" frameborder=\"0\" allowfullscreen=\"allowfullscreen\"><\/iframe><\/p>\n<h3><strong>Jahresbericht des Pr\u00e4sidenten 1985<br \/>\n<strong><strong><strong>Pr\u00e4sident: Hugo Kraft<\/strong><\/strong><\/strong><br \/>\n<\/strong><\/h3>\n<p><iframe loading=\"lazy\" src=\"http:\/\/e.issuu.com\/embed.html#8552851\/8448216\" width=\"600\" height=\"400\" frameborder=\"0\" allowfullscreen=\"allowfullscreen\"><\/iframe><\/p>\n<h3><strong>Jahresbericht des Pr\u00e4sidenten 1984<br \/>\n<strong><strong><strong>Pr\u00e4sident: Hugo Kraft<\/strong><\/strong><\/strong><br \/>\n<\/strong><\/h3>\n<p><iframe loading=\"lazy\" src=\"http:\/\/e.issuu.com\/embed.html#8552851\/8448309\" width=\"600\" height=\"400\" frameborder=\"0\" allowfullscreen=\"allowfullscreen\"><\/iframe><\/p>\n<h3><strong>Jahresbericht des Pr\u00e4sidenten 1983<br \/>\n<strong><strong><strong>Pr\u00e4sident: Hugo Kraft<\/strong><\/strong><\/strong><br \/>\n<\/strong><\/h3>\n<p><iframe loading=\"lazy\" src=\"http:\/\/e.issuu.com\/embed.html#8552851\/8450734\" width=\"600\" height=\"400\" frameborder=\"0\" allowfullscreen=\"allowfullscreen\"><\/iframe><\/p>\n<h3><strong>Jahresbericht des Pr\u00e4sidenten 1982<br \/>\n<strong><strong><strong>Pr\u00e4sident: Hugo Kraft<\/strong><\/strong><\/strong><br \/>\n<\/strong><\/h3>\n<p><iframe loading=\"lazy\" src=\"http:\/\/e.issuu.com\/embed.html#8552851\/8450757\" width=\"600\" height=\"400\" frameborder=\"0\" allowfullscreen=\"allowfullscreen\"><\/iframe><\/p>\n<h3><strong>Jahresbericht des Pr\u00e4sidenten 1981<br \/>\n<strong><strong><strong>Pr\u00e4sident: Hugo Kraft<\/strong><\/strong><\/strong><br \/>\n<\/strong><\/h3>\n<p><iframe loading=\"lazy\" src=\"http:\/\/e.issuu.com\/embed.html#8552851\/8450766\" width=\"600\" height=\"400\" frameborder=\"0\" allowfullscreen=\"allowfullscreen\"><\/iframe><\/p>\n<h3><strong>Jahresbericht des Pr\u00e4sidenten 1980<br \/>\n<strong><strong><strong>Pr\u00e4sident: Hugo Kraft<\/strong><\/strong><\/strong><br \/>\n<\/strong><\/h3>\n<p><iframe loading=\"lazy\" src=\"http:\/\/e.issuu.com\/embed.html#8552851\/8450777\" width=\"600\" height=\"400\" frameborder=\"0\" allowfullscreen=\"allowfullscreen\"><\/iframe><\/p>\n","protected":false},"excerpt":{"rendered":"<p>Jahresbericht des Pr\u00e4sidenten 1989 Pr\u00e4sident: Hugo Kraft Jahresbericht des Pr\u00e4sidenten 1988 Pr\u00e4sident: Hugo Kraft Jahresbericht des Pr\u00e4sidenten 1987 Pr\u00e4sident: Hugo Kraft Jahresbericht des Pr\u00e4sidenten 1986 Pr\u00e4sident: Hugo Kraft Jahresbericht des Pr\u00e4sidenten 1985 Pr\u00e4sident: Hugo Kraft Jahresbericht des Pr\u00e4sidenten 1984 Pr\u00e4sident: Hugo Kraft Jahresbericht des Pr\u00e4sidenten 1983 Pr\u00e4sident: Hugo Kraft Jahresbericht des Pr\u00e4sidenten 1982 Pr\u00e4sident: Hugo [&hellip;]<\/p>\n","protected":false},"author":1,"featured_media":0,"parent":0,"menu_order":0,"comment_status":"closed","ping_status":"open","template":"template-full-width.php","meta":{"footnotes":""},"class_list":["post-390575","page","type-page","status-publish","hentry"],"_links":{"self":[{"href":"https:\/\/www.mvettingen.ch\/index.php?rest_route=\/wp\/v2\/pages\/390575","targetHints":{"allow":["GET"]}}],"collection":[{"href":"https:\/\/www.mvettingen.ch\/index.php?rest_route=\/wp\/v2\/pages"}],"about":[{"href":"https:\/\/www.mvettingen.ch\/index.php?rest_route=\/wp\/v2\/types\/page"}],"author":[{"embeddable":true,"href":"https:\/\/www.mvettingen.ch\/index.php?rest_route=\/wp\/v2\/users\/1"}],"replies":[{"embeddable":true,"href":"https:\/\/www.mvettingen.ch\/index.php?rest_route=%2Fwp%2Fv2%2Fcomments&post=390575"}],"version-history":[{"count":0,"href":"https:\/\/www.mvettingen.ch\/index.php?rest_route=\/wp\/v2\/pages\/390575\/revisions"}],"wp:attachment":[{"href":"https:\/\/www.mvettingen.ch\/index.php?rest_route=%2Fwp%2Fv2%2Fmedia&parent=390575"}],"curies":[{"name":"wp","href":"https:\/\/api.w.org\/{rel}","templated":true}]}}