{"id":482,"date":"2013-06-15T14:34:44","date_gmt":"2013-06-15T12:34:44","guid":{"rendered":"http:\/\/www.mvettingen.ch\/?page_id=482"},"modified":"2013-06-15T14:34:44","modified_gmt":"2013-06-15T12:34:44","slug":"jahresbericht-2010-2019","status":"publish","type":"page","link":"https:\/\/www.mvettingen.ch\/?page_id=482","title":{"rendered":"MVE Jahresberichte 2010 &#8211; 2019"},"content":{"rendered":"<h3><\/h3>\n<h3><strong>Jahresbericht des Pr\u00e4sidenten 2018<br \/>\nPr\u00e4sident: Stefan Rohrbach<br \/>\n<\/strong><\/h3>\n<p>Multimedialer Jahresbericht 2018 (mit Ton und Film)<br \/>\n<iframe loading=\"lazy\" id=\"iframe_container\" src=\"https:\/\/prezi.com\/embed\/r8duxztm8egw\/?bgcolor=ffffff&amp;lock_to_path=0&amp;autoplay=0&amp;autohide_ctrls=0&amp;landing_data=bHVZZmNaNDBIWnNjdEVENDRhZDFNZGNIUE43MHdLNWpsdFJLb2ZHanI0NUxQTVlMOUJUM2ZvekRCeDhCQWxVQkNBPT0&amp;landing_sign=DucKqeTXZ-oXlWPGqC8yWn--SrWeZG3z1dbgmugNIHY\" width=\"550\" height=\"400\" frameborder=\"0\" allowfullscreen=\"allowfullscreen\"><\/iframe><\/p>\n<p>[prettyfilelink size=&#8220;&#8220; src=&#8220;https:\/\/www.mvettingen.ch\/wp-content\/uploads\/2019\/03\/MVE-Jahresbericht-2018k.pdf&#8220; type=&#8220;pdf&#8220;]MVE Jahresbericht 2018[\/prettyfilelink]<\/p>\n<h3><\/h3>\n<h3><strong>Jahresbericht des Pr\u00e4sidenten 2017<\/strong><\/h3>\n<h3><strong> Pr\u00e4sident: Stefan Rohrbach<br \/>\n<\/strong><\/h3>\n<p>Multimedialer Jahresbericht 2017 (mit Ton und Film)<br \/>\n<iframe loading=\"lazy\" id=\"iframe_container\" src=\"https:\/\/prezi.com\/embed\/aqprqdu2jp2s\/?bgcolor=ffffff&amp;lock_to_path=1&amp;autoplay=0&amp;autohide_ctrls=0&amp;landing_data=bHVZZmNaNDBIWnNjdEVENDRhZDFNZGNIUE43MHdLNWpsdFJLb2ZHanI5eXZGSkFTQjYyelZ3NUphQnc1WEdyaEZRPT0&amp;landing_sign=pT-oto0S5pSG7ym9eGWLj81noHBgEUZkZLBG4Mx0dgg\" width=\"550\" height=\"400\" frameborder=\"0\" allowfullscreen=\"allowfullscreen\"><\/iframe><\/p>\n<p>&nbsp;<\/p>\n<h3><strong>Jahresbericht des Pr\u00e4sidenten 2016<br \/>\nPr\u00e4sident: Stefan Rohrbach<br \/>\n<\/strong><\/h3>\n<p>Multimedialer Jahresbericht 2016 (mit Ton und Film)<\/p>\n<p><iframe loading=\"lazy\" id=\"iframe_container\" src=\"https:\/\/prezi.com\/embed\/l6_plszox2ne\/?bgcolor=ffffff&amp;lock_to_path=1&amp;autoplay=0&amp;autohide_ctrls=0&amp;landing_data=bHVZZmNaNDBIWnNjdEVENDRhZDFNZGNIUE43MHdLNWpsdFJLb2ZHanI5ejhrdCtHRUxLaUk5UDc4OGlzazNBZFF3PT0&amp;landing_sign=dw2jQ8VSRIr36hPdRdrSSk2NR_tKaL4cCgfY2EUpbCU\" width=\"550\" height=\"400\" frameborder=\"0\" allowfullscreen=\"allowfullscreen\"><\/iframe><\/p>\n<h3><strong>Jahresbericht des Pr\u00e4sidenten 2015<br \/>\nPr\u00e4sident: Stefan Rohrbach<br \/>\n<\/strong><\/h3>\n<p>Multimedialer Jahresbericht 2015 (mit Ton und Film)<br \/>\n<iframe loading=\"lazy\" id=\"iframe_container\" src=\"https:\/\/prezi.com\/embed\/ppxs6xcearhf\/?bgcolor=ffffff&amp;lock_to_path=1&amp;autoplay=0&amp;autohide_ctrls=0&amp;landing_data=bHVZZmNaNDBIWnNjdEVENDRhZDFNZGNIUE43MHdLNWpsdFJLb2ZHanI0OUNETzlVaEVTRURCVGFwS3pDcVlhdE9RPT0&amp;landing_sign=7NFZcbri4Jm-Q9v1iEJ8_vNell18o2WXhLldYw0SC7s\" width=\"550\" height=\"400\" frameborder=\"0\" allowfullscreen=\"allowfullscreen\"><\/iframe><\/p>\n<p>Bericht<\/p>\n<table>\n<tbody>\n<tr>\n<td><a href=\"https:\/\/www.dropbox.com\/s\/hpwhzqf2wfit1oy\/MVE%20Jahresbericht%202015.pdf\">MVE Jahresbericht 2015<\/a><\/td>\n<td><\/td>\n<td>57.2 MB<\/td>\n<\/tr>\n<\/tbody>\n<\/table>\n<h3><strong>Jahresbericht des Pr\u00e4sidenten 2014<br \/>\nPr\u00e4sident: Stefan Rohrbach<br \/>\n<\/strong><\/h3>\n<p>Multimedialer Jahresbericht 2014 (mit Ton und Film)<br \/>\n<iframe loading=\"lazy\" id=\"iframe_container\" src=\"https:\/\/prezi.com\/embed\/kfvcjqpcpq4e\/?bgcolor=ffffff&amp;lock_to_path=1&amp;autoplay=0&amp;autohide_ctrls=0&amp;landing_data=bHVZZmNaNDBIWnNjdEVENDRhZDFNZGNIUE43MHdLNWpsdFJLb2ZHanI0bEZOT1A0ckhzU0pkU01uYk91K1crbDBnPT0&amp;landing_sign=N2g7VBQCH6lt2g_K2oJb0Bt3zw6vyHA8bmcD17pJx7M\" width=\"550\" height=\"400\" frameborder=\"0\" allowfullscreen=\"allowfullscreen\"><\/iframe><\/p>\n<p>Bericht<\/p>\n<p><iframe loading=\"lazy\" src=\"\/\/e.issuu.com\/embed.html#8552851\/10974465\" width=\"600\" height=\"400\" frameborder=\"0\" allowfullscreen=\"allowfullscreen\"><\/iframe><\/p>\n<h3><strong>Jahresbericht des Pr\u00e4sidenten 2013<br \/>\nPr\u00e4sident: Stefan Rohrbach<br \/>\n<\/strong><\/h3>\n<p><iframe loading=\"lazy\" src=\"\/\/e.issuu.com\/embed.html#8552851\/7087327\" width=\"600\" height=\"400\" frameborder=\"0\" allowfullscreen=\"allowfullscreen\"><\/iframe><\/p>\n<h3><strong>Jahresbericht des Pr\u00e4sidenten 2012<br \/>\n<strong>Pr\u00e4sident: Stefan Rohrbach<\/strong><br \/>\n<\/strong><\/h3>\n<p><iframe loading=\"lazy\" src=\"http:\/\/e.issuu.com\/embed.html#8552851\/3456075\" width=\"600\" height=\"400\" frameborder=\"0\" allowfullscreen=\"allowfullscreen\"><\/iframe><\/p>\n<h3><strong>Jahresbericht des Pr\u00e4sidenten 2011<br \/>\n<strong>Pr\u00e4sident: Stefan Rohrbach<\/strong><br \/>\n<\/strong><\/h3>\n<p><iframe loading=\"lazy\" src=\"http:\/\/e.issuu.com\/embed.html#8552851\/3456563\" width=\"600\" height=\"400\" frameborder=\"0\" allowfullscreen=\"allowfullscreen\"><\/iframe><\/p>\n<h3><strong>\u00a0Jahresbericht des Pr\u00e4sidenten 2010<br \/>\n<strong>Pr\u00e4sident: Heinz Ruchti<\/strong><br \/>\n<\/strong><\/h3>\n<p><iframe loading=\"lazy\" src=\"http:\/\/e.issuu.com\/embed.html#8552851\/3456873\" width=\"600\" height=\"400\" frameborder=\"0\" allowfullscreen=\"allowfullscreen\"><\/iframe><\/p>\n<p>&nbsp;<\/p>\n","protected":false},"excerpt":{"rendered":"<p>Jahresbericht des Pr\u00e4sidenten 2018 Pr\u00e4sident: Stefan Rohrbach Multimedialer Jahresbericht 2018 (mit Ton und Film) [prettyfilelink size=&#8220;&#8220; src=&#8220;https:\/\/www.mvettingen.ch\/wp-content\/uploads\/2019\/03\/MVE-Jahresbericht-2018k.pdf&#8220; type=&#8220;pdf&#8220;]MVE Jahresbericht 2018[\/prettyfilelink] Jahresbericht des Pr\u00e4sidenten 2017 Pr\u00e4sident: Stefan Rohrbach Multimedialer Jahresbericht 2017 (mit Ton und Film) &nbsp; Jahresbericht des Pr\u00e4sidenten 2016 Pr\u00e4sident: Stefan Rohrbach Multimedialer Jahresbericht 2016 (mit Ton und Film) Jahresbericht des Pr\u00e4sidenten 2015 Pr\u00e4sident: Stefan [&hellip;]<\/p>\n","protected":false},"author":1,"featured_media":0,"parent":0,"menu_order":0,"comment_status":"closed","ping_status":"open","template":"template-full-width.php","meta":{"footnotes":""},"class_list":["post-482","page","type-page","status-publish","hentry"],"_links":{"self":[{"href":"https:\/\/www.mvettingen.ch\/index.php?rest_route=\/wp\/v2\/pages\/482","targetHints":{"allow":["GET"]}}],"collection":[{"href":"https:\/\/www.mvettingen.ch\/index.php?rest_route=\/wp\/v2\/pages"}],"about":[{"href":"https:\/\/www.mvettingen.ch\/index.php?rest_route=\/wp\/v2\/types\/page"}],"author":[{"embeddable":true,"href":"https:\/\/www.mvettingen.ch\/index.php?rest_route=\/wp\/v2\/users\/1"}],"replies":[{"embeddable":true,"href":"https:\/\/www.mvettingen.ch\/index.php?rest_route=%2Fwp%2Fv2%2Fcomments&post=482"}],"version-history":[{"count":0,"href":"https:\/\/www.mvettingen.ch\/index.php?rest_route=\/wp\/v2\/pages\/482\/revisions"}],"wp:attachment":[{"href":"https:\/\/www.mvettingen.ch\/index.php?rest_route=%2Fwp%2Fv2%2Fmedia&parent=482"}],"curies":[{"name":"wp","href":"https:\/\/api.w.org\/{rel}","templated":true}]}}